{"id":47,"date":"2017-03-20T10:56:03","date_gmt":"2017-03-20T10:56:03","guid":{"rendered":"http:\/\/finquesfarre.com.91-142-220-242.panelserver.org\/?page_id=47"},"modified":"2023-05-09T11:38:38","modified_gmt":"2023-05-09T09:38:38","slug":"quienes-somos","status":"publish","type":"page","link":"https:\/\/www.finquesfarre.com\/es\/quienes-somos\/","title":{"rendered":"Qui\u00e9nes somos Fincas Farr\u00e9"},"content":{"rendered":"<p>[et_pb_section fb_built=\u00bb1&#8243; fullwidth=\u00bbon\u00bb _builder_version=\u00bb4.16&#8243; global_colors_info=\u00bb{}\u00bb][et_pb_fullwidth_header title=\u00bbQui\u00e9nes somos\u00bb subhead=\u00bbFinques Farr\u00e9, a tu lado en Lleida desde hace m\u00e1s de 40 a\u00f1os\u00bb text_orientation=\u00bbcenter\u00bb header_scroll_down=\u00bbon\u00bb scroll_down_icon=\u00bb%%1%%\u00bb background_overlay_color=\u00bbrgba(0,74,135,0.5)\u00bb admin_label=\u00bbImatge cap\u00e7alera\u00bb _builder_version=\u00bb4.16&#8243; title_font=\u00bb|||on|\u00bb background_image=\u00bbhttps:\/\/www.finquesfarre.com\/wp-content\/uploads\/2017\/03\/ff-qui-som.jpg\u00bb background_url=\u00bbhttp:\/\/finquesfarre.com.91-142-220-242.panelserver.org\/wp-content\/uploads\/2017\/03\/ff-qui-som.jpg\u00bb global_colors_info=\u00bb{}\u00bb button_one_text_size__hover_enabled=\u00bboff\u00bb button_one_text_size__hover=\u00bbnull\u00bb button_two_text_size__hover_enabled=\u00bboff\u00bb button_two_text_size__hover=\u00bbnull\u00bb button_one_text_color__hover_enabled=\u00bboff\u00bb button_one_text_color__hover=\u00bbnull\u00bb button_two_text_color__hover_enabled=\u00bboff\u00bb button_two_text_color__hover=\u00bbnull\u00bb button_one_border_width__hover_enabled=\u00bboff\u00bb button_one_border_width__hover=\u00bbnull\u00bb button_two_border_width__hover_enabled=\u00bboff\u00bb button_two_border_width__hover=\u00bbnull\u00bb button_one_border_color__hover_enabled=\u00bboff\u00bb button_one_border_color__hover=\u00bbnull\u00bb button_two_border_color__hover_enabled=\u00bboff\u00bb button_two_border_color__hover=\u00bbnull\u00bb button_one_border_radius__hover_enabled=\u00bboff\u00bb button_one_border_radius__hover=\u00bbnull\u00bb button_two_border_radius__hover_enabled=\u00bboff\u00bb button_two_border_radius__hover=\u00bbnull\u00bb button_one_letter_spacing__hover_enabled=\u00bboff\u00bb button_one_letter_spacing__hover=\u00bbnull\u00bb button_two_letter_spacing__hover_enabled=\u00bboff\u00bb button_two_letter_spacing__hover=\u00bbnull\u00bb button_one_bg_color__hover_enabled=\u00bboff\u00bb button_one_bg_color__hover=\u00bbnull\u00bb button_two_bg_color__hover_enabled=\u00bboff\u00bb button_two_bg_color__hover=\u00bbnull\u00bb]<br \/>\n[\/et_pb_fullwidth_header][\/et_pb_section][et_pb_section fb_built=\u00bb1&#8243; admin_label=\u00bbsection\u00bb _builder_version=\u00bb4.16&#8243; global_colors_info=\u00bb{}\u00bb][et_pb_row admin_label=\u00bbrow\u00bb _builder_version=\u00bb4.16&#8243; background_size=\u00bbinitial\u00bb background_position=\u00bbtop_left\u00bb background_repeat=\u00bbrepeat\u00bb global_colors_info=\u00bb{}\u00bb][et_pb_column type=\u00bb4_4&#8243; _builder_version=\u00bb4.16&#8243; custom_padding=\u00bb|||\u00bb global_colors_info=\u00bb{}\u00bb custom_padding__hover=\u00bb|||\u00bb][et_pb_text admin_label=\u00bbFinques Farr\u00e9 Immobili\u00e0ria Lleida\u00bb _builder_version=\u00bb4.16&#8243; background_size=\u00bbinitial\u00bb background_position=\u00bbtop_left\u00bb background_repeat=\u00bbrepeat\u00bb use_border_color=\u00bboff\u00bb border_color=\u00bb#ffffff\u00bb border_style=\u00bbsolid\u00bb global_colors_info=\u00bb{}\u00bb]<\/p>\n<div>\n<div class=\"et_pb_text et_pb_module et_pb_bg_layout_light et_pb_text_align_left et_pb_text_0\">\n<div>\n<h1>Finques Farr\u00e9 Inmobiliaria Lleida<\/h1>\n<\/div>\n<\/div>\n<\/div>\n<p>[\/et_pb_text][et_pb_text _builder_version=\u00bb4.16&#8243; background_size=\u00bbinitial\u00bb background_position=\u00bbtop_left\u00bb background_repeat=\u00bbrepeat\u00bb use_border_color=\u00bboff\u00bb global_colors_info=\u00bb{}\u00bb]<\/p>\n<div>\n<p>Desde hace m\u00e1s de 50 a\u00f1os, Finques Farr\u00e9 siempre ha estado a tu lado con un compromiso de servicio integral y personalizado orientado a la plena satisfacci\u00f3n hacia nuestros clientes. Durante todos estos a\u00f1os, se ha posicionado como una de las empresas con m\u00e1s experiencia en ofrecer <strong>servicios inmobiliarios en Lleida<\/strong>.<\/p>\n<p>Internet y las nuevas tecnolog\u00edas hacen que ahora nos sea m\u00e1s c\u00f3modo buscar, comparar y comprar lo que queremos en la red, y es por ello que hemos creado esta p\u00e1gina web, para acompa\u00f1arte all\u00ed donde est\u00e9s. Desde casa, de camino al trabajo o en tus momentos de ocio, cuando t\u00fa lo decides, <strong>nuestros asesores te acompa\u00f1ar\u00e1n en todo el proceso de selecci\u00f3n de tu nueva vivienda<\/strong> y ser\u00e1n tu mano amiga en tu b\u00fasqueda por comprar un piso de obra nueva en Lleida o alquilar un piso en Lleida.<\/p>\n<h4>Te ofrecemos un servicio a coste cero, con el que buscaremos tu vivienda con las mejores condiciones y conseguiremos tu hipoteca. Y todo sin estar obligado a nada, porque trabajamos contigo y para ti.<\/h4>\n<\/div>\n<p>[\/et_pb_text][et_pb_image src=\u00bb\/wp-content\/uploads\/2017\/03\/ff-qui-som.jpg\u00bb force_fullwidth=\u00bbon\u00bb align_tablet=\u00bbcenter\u00bb align_phone=\u00bb\u00bb align_last_edited=\u00bbon|desktop\u00bb _builder_version=\u00bb4.16&#8243; animation_style=\u00bbfade\u00bb animation_duration=\u00bb500ms\u00bb animation=\u00bbfade_in\u00bb global_colors_info=\u00bb{}\u00bb]<br \/>\n[\/et_pb_image][\/et_pb_column][\/et_pb_row][\/et_pb_section][et_pb_section fb_built=\u00bb1&#8243; admin_label=\u00bbsection\u00bb _builder_version=\u00bb4.16&#8243; custom_padding=\u00bb||0px|\u00bb global_colors_info=\u00bb{}\u00bb][et_pb_row column_structure=\u00bb1_3,1_3,1_3&#8243; use_custom_gutter=\u00bbon\u00bb gutter_width=\u00bb1&#8243; make_equal=\u00bbon\u00bb module_class=\u00bbmy-eq-module-heights et_pb_row_fullwidth\u00bb _builder_version=\u00bb3.25&#8243; background_size=\u00bbinitial\u00bb background_position=\u00bbtop_left\u00bb background_repeat=\u00bbrepeat\u00bb width=\u00bb100%\u00bb width_tablet=\u00bb100%\u00bb width_phone=\u00bb\u00bb width_last_edited=\u00bbon|desktop\u00bb max_width=\u00bb100%\u00bb max_width_tablet=\u00bb100%\u00bb max_width_phone=\u00bb\u00bb max_width_last_edited=\u00bbon|desktop\u00bb custom_margin=\u00bb||0px|\u00bb custom_padding=\u00bb0px||0px|\u00bb make_fullwidth=\u00bbon\u00bb global_module=\u00bb162&#8243; global_colors_info=\u00bb{}\u00bb][et_pb_column type=\u00bb1_3&#8243; _builder_version=\u00bb4.16&#8243; custom_padding=\u00bb|||\u00bb global_colors_info=\u00bb{}\u00bb custom_padding__hover=\u00bb|||\u00bb][et_pb_cta title=\u00bbPromociones de obra nueva\u00bb button_url=\u00bbhttps:\/\/www.finquesfarre.com\/es\/\u00bb button_text=\u00bbVer obra nueva\u00bb admin_label=\u00bbPromocions d&#8217;obra nova\u00bb _builder_version=\u00bb4.16&#8243; header_font=\u00bb|||on|\u00bb header_font_size=\u00bb34&#8243; body_font_size=\u00bb16&#8243; body_line_height=\u00bb1.5em\u00bb background_image=\u00bbhttps:\/\/www.finquesfarre.com\/wp-content\/uploads\/2017\/03\/obranova.png\u00bb background_size=\u00bbinitial\u00bb background_repeat=\u00bbrepeat\u00bb use_border_color=\u00bboff\u00bb global_colors_info=\u00bb{}\u00bb button_text_size__hover_enabled=\u00bboff\u00bb button_text_size__hover=\u00bbnull\u00bb button_one_text_size__hover_enabled=\u00bboff\u00bb button_one_text_size__hover=\u00bbnull\u00bb button_two_text_size__hover_enabled=\u00bboff\u00bb button_two_text_size__hover=\u00bbnull\u00bb button_text_color__hover_enabled=\u00bboff\u00bb button_text_color__hover=\u00bbnull\u00bb button_one_text_color__hover_enabled=\u00bboff\u00bb button_one_text_color__hover=\u00bbnull\u00bb button_two_text_color__hover_enabled=\u00bboff\u00bb button_two_text_color__hover=\u00bbnull\u00bb button_border_width__hover_enabled=\u00bboff\u00bb button_border_width__hover=\u00bbnull\u00bb button_one_border_width__hover_enabled=\u00bboff\u00bb button_one_border_width__hover=\u00bbnull\u00bb button_two_border_width__hover_enabled=\u00bboff\u00bb button_two_border_width__hover=\u00bbnull\u00bb button_border_color__hover_enabled=\u00bboff\u00bb button_border_color__hover=\u00bbnull\u00bb button_one_border_color__hover_enabled=\u00bboff\u00bb button_one_border_color__hover=\u00bbnull\u00bb button_two_border_color__hover_enabled=\u00bboff\u00bb button_two_border_color__hover=\u00bbnull\u00bb button_border_radius__hover_enabled=\u00bboff\u00bb button_border_radius__hover=\u00bbnull\u00bb button_one_border_radius__hover_enabled=\u00bboff\u00bb button_one_border_radius__hover=\u00bbnull\u00bb button_two_border_radius__hover_enabled=\u00bboff\u00bb button_two_border_radius__hover=\u00bbnull\u00bb button_letter_spacing__hover_enabled=\u00bboff\u00bb button_letter_spacing__hover=\u00bbnull\u00bb button_one_letter_spacing__hover_enabled=\u00bboff\u00bb button_one_letter_spacing__hover=\u00bbnull\u00bb button_two_letter_spacing__hover_enabled=\u00bboff\u00bb button_two_letter_spacing__hover=\u00bbnull\u00bb button_bg_color__hover_enabled=\u00bboff\u00bb button_bg_color__hover=\u00bbnull\u00bb button_one_bg_color__hover_enabled=\u00bboff\u00bb button_one_bg_color__hover=\u00bbnull\u00bb button_two_bg_color__hover_enabled=\u00bboff\u00bb button_two_bg_color__hover=\u00bbnull\u00bb]<\/p>\n<p>\u00bfPreparados para conocer vuestro futuro hogar tal y como lo hab\u00edais imaginado?<\/p>\n<p>[\/et_pb_cta][\/et_pb_column][et_pb_column type=\u00bb1_3&#8243; _builder_version=\u00bb4.16&#8243; custom_padding=\u00bb|||\u00bb global_colors_info=\u00bb{}\u00bb custom_padding__hover=\u00bb|||\u00bb][et_pb_cta title=\u00bbVivienda de segunda mano\u00bb button_url=\u00bbhttps:\/\/pisos.finquesfarre.com\/es\/busqueda-avanzada\/?lang=es&#038;reference=&#038;filter_search_action%5B%5D=compra-es&#038;filter_search_type%5B%5D=&#038;advanced_city=&#038;advanced_area=&#038;habitaciones=&#038;price_low=0&#038;price_max=1500000&#038;submit=BUSCAR+PROPIEDADES&#038;wpestate_regular_search_nonce=5a25cd7c73&#038;_wp_http_referer=%2Fes%2F\u00bb button_text=\u00bbVer segunda mano\u00bb admin_label=\u00bbHabitatge de segona m\u00e0\u00bb _builder_version=\u00bb4.16&#8243; header_font=\u00bb|||on|\u00bb header_font_size=\u00bb34&#8243; body_font_size=\u00bb16&#8243; body_line_height=\u00bb1.5em\u00bb background_color=\u00bb#667487&#8243; background_image=\u00bbhttps:\/\/www.finquesfarre.com\/wp-content\/uploads\/2017\/03\/obranova.png\u00bb background_size=\u00bbinitial\u00bb background_repeat=\u00bbrepeat\u00bb use_border_color=\u00bboff\u00bb global_colors_info=\u00bb{}\u00bb button_text_size__hover_enabled=\u00bboff\u00bb button_text_size__hover=\u00bbnull\u00bb button_one_text_size__hover_enabled=\u00bboff\u00bb button_one_text_size__hover=\u00bbnull\u00bb button_two_text_size__hover_enabled=\u00bboff\u00bb button_two_text_size__hover=\u00bbnull\u00bb button_text_color__hover_enabled=\u00bboff\u00bb button_text_color__hover=\u00bbnull\u00bb button_one_text_color__hover_enabled=\u00bboff\u00bb button_one_text_color__hover=\u00bbnull\u00bb button_two_text_color__hover_enabled=\u00bboff\u00bb button_two_text_color__hover=\u00bbnull\u00bb button_border_width__hover_enabled=\u00bboff\u00bb button_border_width__hover=\u00bbnull\u00bb button_one_border_width__hover_enabled=\u00bboff\u00bb button_one_border_width__hover=\u00bbnull\u00bb button_two_border_width__hover_enabled=\u00bboff\u00bb button_two_border_width__hover=\u00bbnull\u00bb button_border_color__hover_enabled=\u00bboff\u00bb button_border_color__hover=\u00bbnull\u00bb button_one_border_color__hover_enabled=\u00bboff\u00bb button_one_border_color__hover=\u00bbnull\u00bb button_two_border_color__hover_enabled=\u00bboff\u00bb button_two_border_color__hover=\u00bbnull\u00bb button_border_radius__hover_enabled=\u00bboff\u00bb button_border_radius__hover=\u00bbnull\u00bb button_one_border_radius__hover_enabled=\u00bboff\u00bb button_one_border_radius__hover=\u00bbnull\u00bb button_two_border_radius__hover_enabled=\u00bboff\u00bb button_two_border_radius__hover=\u00bbnull\u00bb button_letter_spacing__hover_enabled=\u00bboff\u00bb button_letter_spacing__hover=\u00bbnull\u00bb button_one_letter_spacing__hover_enabled=\u00bboff\u00bb button_one_letter_spacing__hover=\u00bbnull\u00bb button_two_letter_spacing__hover_enabled=\u00bboff\u00bb button_two_letter_spacing__hover=\u00bbnull\u00bb button_bg_color__hover_enabled=\u00bboff\u00bb button_bg_color__hover=\u00bbnull\u00bb button_one_bg_color__hover_enabled=\u00bboff\u00bb button_one_bg_color__hover=\u00bbnull\u00bb button_two_bg_color__hover_enabled=\u00bboff\u00bb button_two_bg_color__hover=\u00bbnull\u00bb]<\/p>\n<p>Encuentra el piso que necesitas con este c\u00f3modo y completo buscador catalogado por barrios.<\/p>\n<p>[\/et_pb_cta][\/et_pb_column][et_pb_column type=\u00bb1_3&#8243; _builder_version=\u00bb4.16&#8243; custom_padding=\u00bb|||\u00bb global_colors_info=\u00bb{}\u00bb custom_padding__hover=\u00bb|||\u00bb][et_pb_cta title=\u00bbOfertas de alquiler\u00bb button_url=\u00bbhttps:\/\/pisos.finquesfarre.com\/es\/busqueda-avanzada\/?lang=es&#038;reference=&#038;filter_search_action%5B%5D=alquiler-es&#038;filter_search_type%5B%5D=&#038;advanced_city=&#038;advanced_area=&#038;habitaciones=&#038;price_low=0&#038;price_max=1500000&#038;submit=BUSCAR+PROPIEDADES&#038;wpestate_regular_search_nonce=5a25cd7c73&#038;_wp_http_referer=%2Fes%2Fbusqueda-avanzada%2F%3Flang%3Des%26reference%3D%26filter_search_action%255B%255D%3Dcompra-es%26filter_search_type%255B%255D%3D%26advanced_city%3D%26advanced_area%3D%26habitaciones%3D%26price_low%3D0%26price_max%3D1500000%26submit%3DBUSCAR%2BPROPIEDADES%26wpestate_regular_search_nonce%3D5a25cd7c73%26_wp_http_referer%3D%252Fes%252F\u00bb button_text=\u00bbVer pisos de alquiler\u00bb admin_label=\u00bbOfertes de lloguer\u00bb _builder_version=\u00bb4.16&#8243; header_font=\u00bb|||on|\u00bb header_font_size=\u00bb34&#8243; body_font_size=\u00bb16&#8243; body_line_height=\u00bb1.5em\u00bb background_image=\u00bbhttps:\/\/www.finquesfarre.com\/wp-content\/uploads\/2017\/03\/obranova.png\u00bb background_size=\u00bbinitial\u00bb background_repeat=\u00bbrepeat\u00bb use_border_color=\u00bboff\u00bb global_colors_info=\u00bb{}\u00bb button_text_size__hover_enabled=\u00bboff\u00bb button_text_size__hover=\u00bbnull\u00bb button_one_text_size__hover_enabled=\u00bboff\u00bb button_one_text_size__hover=\u00bbnull\u00bb button_two_text_size__hover_enabled=\u00bboff\u00bb button_two_text_size__hover=\u00bbnull\u00bb button_text_color__hover_enabled=\u00bboff\u00bb button_text_color__hover=\u00bbnull\u00bb button_one_text_color__hover_enabled=\u00bboff\u00bb button_one_text_color__hover=\u00bbnull\u00bb button_two_text_color__hover_enabled=\u00bboff\u00bb button_two_text_color__hover=\u00bbnull\u00bb button_border_width__hover_enabled=\u00bboff\u00bb button_border_width__hover=\u00bbnull\u00bb button_one_border_width__hover_enabled=\u00bboff\u00bb button_one_border_width__hover=\u00bbnull\u00bb button_two_border_width__hover_enabled=\u00bboff\u00bb button_two_border_width__hover=\u00bbnull\u00bb button_border_color__hover_enabled=\u00bboff\u00bb button_border_color__hover=\u00bbnull\u00bb button_one_border_color__hover_enabled=\u00bboff\u00bb button_one_border_color__hover=\u00bbnull\u00bb button_two_border_color__hover_enabled=\u00bboff\u00bb button_two_border_color__hover=\u00bbnull\u00bb button_border_radius__hover_enabled=\u00bboff\u00bb button_border_radius__hover=\u00bbnull\u00bb button_one_border_radius__hover_enabled=\u00bboff\u00bb button_one_border_radius__hover=\u00bbnull\u00bb button_two_border_radius__hover_enabled=\u00bboff\u00bb button_two_border_radius__hover=\u00bbnull\u00bb button_letter_spacing__hover_enabled=\u00bboff\u00bb button_letter_spacing__hover=\u00bbnull\u00bb button_one_letter_spacing__hover_enabled=\u00bboff\u00bb button_one_letter_spacing__hover=\u00bbnull\u00bb button_two_letter_spacing__hover_enabled=\u00bboff\u00bb button_two_letter_spacing__hover=\u00bbnull\u00bb button_bg_color__hover_enabled=\u00bboff\u00bb button_bg_color__hover=\u00bbnull\u00bb button_one_bg_color__hover_enabled=\u00bboff\u00bb button_one_bg_color__hover=\u00bbnull\u00bb button_two_bg_color__hover_enabled=\u00bboff\u00bb button_two_bg_color__hover=\u00bbnull\u00bb]<\/p>\n<p>Tenemos una selecci\u00f3n de pisos de alquiler de totas las caracter\u00edsticas, \u00a1encuentra el que ser\u00e1 para ti!<\/p>\n<p>[\/et_pb_cta][\/et_pb_column][\/et_pb_row][\/et_pb_section]<\/p>\n","protected":false},"excerpt":{"rendered":"<p>Finques Farr\u00e9 Inmobiliaria Lleida Desde hace m\u00e1s de 50 a\u00f1os, Finques Farr\u00e9 siempre ha estado a tu lado con un compromiso de servicio integral y personalizado orientado a la plena satisfacci\u00f3n hacia nuestros clientes. Durante todos estos a\u00f1os, se ha posicionado como una de las empresas con m\u00e1s experiencia en ofrecer servicios inmobiliarios en Lleida. [&hellip;]<\/p>\n","protected":false},"author":3,"featured_media":0,"parent":0,"menu_order":0,"comment_status":"closed","ping_status":"closed","template":"","meta":{"_et_pb_use_builder":"on","_et_pb_old_content":"","_et_gb_content_width":"","_monsterinsights_skip_tracking":false,"_monsterinsights_sitenote_active":false,"_monsterinsights_sitenote_note":"","_monsterinsights_sitenote_category":0,"footnotes":""},"class_list":["post-47","page","type-page","status-publish","hentry"],"yoast_head":"<!-- This site is optimized with the Yoast SEO plugin v27.4 - https:\/\/yoast.com\/product\/yoast-seo-wordpress\/ -->\n<title>Immobiliaria Lleida Finques Farr\u00e9<\/title>\n<meta name=\"description\" content=\"Desde hace m\u00e1s de 47 a\u00f1os, Finques Farr\u00e9 siempre ha estado a tu lado con un compromiso orientado a la plena satisfacci\u00f3n hacia nuestros clientes.\" \/>\n<meta name=\"robots\" content=\"index, follow, max-snippet:-1, max-image-preview:large, max-video-preview:-1\" \/>\n<link rel=\"canonical\" href=\"https:\/\/www.finquesfarre.com\/es\/quienes-somos\/\" \/>\n<meta property=\"og:locale\" content=\"es_ES\" \/>\n<meta property=\"og:type\" content=\"article\" \/>\n<meta property=\"og:title\" content=\"Immobiliaria Lleida Finques Farr\u00e9\" \/>\n<meta property=\"og:description\" content=\"Desde hace m\u00e1s de 47 a\u00f1os, Finques Farr\u00e9 siempre ha estado a tu lado con un compromiso orientado a la plena satisfacci\u00f3n hacia nuestros clientes.\" \/>\n<meta property=\"og:url\" content=\"https:\/\/www.finquesfarre.com\/es\/quienes-somos\/\" \/>\n<meta property=\"og:site_name\" content=\"Finques Farre Inmobiliaria Lleida\" \/>\n<meta property=\"article:publisher\" content=\"https:\/\/www.facebook.com\/finquesfarre\" \/>\n<meta property=\"article:modified_time\" content=\"2023-05-09T09:38:38+00:00\" \/>\n<meta property=\"og:image\" content=\"https:\/\/www.finquesfarre.com\/wp-content\/uploads\/2021\/07\/cropped-fabicon-farre-pensant-en-lleida.png\" \/>\n\t<meta property=\"og:image:width\" content=\"512\" \/>\n\t<meta property=\"og:image:height\" content=\"512\" \/>\n\t<meta property=\"og:image:type\" content=\"image\/png\" \/>\n<meta name=\"twitter:card\" content=\"summary_large_image\" \/>\n<meta name=\"twitter:site\" content=\"@FinquesFarre\" \/>\n<meta name=\"twitter:label1\" content=\"Tiempo de lectura\" \/>\n\t<meta name=\"twitter:data1\" content=\"3 minutos\" \/>\n<script type=\"application\/ld+json\" class=\"yoast-schema-graph\">{\"@context\":\"https:\\\/\\\/schema.org\",\"@graph\":[{\"@type\":\"WebPage\",\"@id\":\"https:\\\/\\\/www.finquesfarre.com\\\/es\\\/quienes-somos\\\/\",\"url\":\"https:\\\/\\\/www.finquesfarre.com\\\/es\\\/quienes-somos\\\/\",\"name\":\"Immobiliaria Lleida Finques Farr\u00e9\",\"isPartOf\":{\"@id\":\"https:\\\/\\\/www.finquesfarre.com\\\/#website\"},\"datePublished\":\"2017-03-20T10:56:03+00:00\",\"dateModified\":\"2023-05-09T09:38:38+00:00\",\"description\":\"Desde hace m\u00e1s de 47 a\u00f1os, Finques Farr\u00e9 siempre ha estado a tu lado con un compromiso orientado a la plena satisfacci\u00f3n hacia nuestros clientes.\",\"breadcrumb\":{\"@id\":\"https:\\\/\\\/www.finquesfarre.com\\\/es\\\/quienes-somos\\\/#breadcrumb\"},\"inLanguage\":\"es\",\"potentialAction\":[{\"@type\":\"ReadAction\",\"target\":[\"https:\\\/\\\/www.finquesfarre.com\\\/es\\\/quienes-somos\\\/\"]}]},{\"@type\":\"BreadcrumbList\",\"@id\":\"https:\\\/\\\/www.finquesfarre.com\\\/es\\\/quienes-somos\\\/#breadcrumb\",\"itemListElement\":[{\"@type\":\"ListItem\",\"position\":1,\"name\":\"Portada\",\"item\":\"https:\\\/\\\/www.finquesfarre.com\\\/es\\\/\"},{\"@type\":\"ListItem\",\"position\":2,\"name\":\"Qui\u00e9nes somos Fincas Farr\u00e9\"}]},{\"@type\":\"WebSite\",\"@id\":\"https:\\\/\\\/www.finquesfarre.com\\\/#website\",\"url\":\"https:\\\/\\\/www.finquesfarre.com\\\/\",\"name\":\"Finques Farre inmobiliaria Lleida\",\"description\":\"Promociones de obra nueva en Lleida, pisos de segunda mano en Lleida, compra en Lleida, venta en Lleida, alquiler en Lleida\",\"publisher\":{\"@id\":\"https:\\\/\\\/www.finquesfarre.com\\\/#organization\"},\"alternateName\":\"Fincas Farre inmobiliaria Lleida\",\"potentialAction\":[{\"@type\":\"SearchAction\",\"target\":{\"@type\":\"EntryPoint\",\"urlTemplate\":\"https:\\\/\\\/www.finquesfarre.com\\\/?s={search_term_string}\"},\"query-input\":{\"@type\":\"PropertyValueSpecification\",\"valueRequired\":true,\"valueName\":\"search_term_string\"}}],\"inLanguage\":\"es\"},{\"@type\":\"Organization\",\"@id\":\"https:\\\/\\\/www.finquesfarre.com\\\/#organization\",\"name\":\"Finques Farr\u00e9\",\"alternateName\":\"Fincas Farre\",\"url\":\"https:\\\/\\\/www.finquesfarre.com\\\/\",\"logo\":{\"@type\":\"ImageObject\",\"inLanguage\":\"es\",\"@id\":\"https:\\\/\\\/www.finquesfarre.com\\\/#\\\/schema\\\/logo\\\/image\\\/\",\"url\":\"https:\\\/\\\/www.finquesfarre.com\\\/wp-content\\\/uploads\\\/2025\\\/09\\\/640.jpg\",\"contentUrl\":\"https:\\\/\\\/www.finquesfarre.com\\\/wp-content\\\/uploads\\\/2025\\\/09\\\/640.jpg\",\"width\":640,\"height\":640,\"caption\":\"Finques Farr\u00e9\"},\"image\":{\"@id\":\"https:\\\/\\\/www.finquesfarre.com\\\/#\\\/schema\\\/logo\\\/image\\\/\"},\"sameAs\":[\"https:\\\/\\\/www.facebook.com\\\/finquesfarre\",\"https:\\\/\\\/x.com\\\/FinquesFarre\",\"https:\\\/\\\/www.instagram.com\\\/finquesfarre\\\/\",\"https:\\\/\\\/www.youtube.com\\\/channel\\\/UCyjuW_DBdttT1OBNvYDxRuA\"]}]}<\/script>\n<!-- \/ Yoast SEO plugin. -->","yoast_head_json":{"title":"Immobiliaria Lleida Finques Farr\u00e9","description":"Desde hace m\u00e1s de 47 a\u00f1os, Finques Farr\u00e9 siempre ha estado a tu lado con un compromiso orientado a la plena satisfacci\u00f3n hacia nuestros clientes.","robots":{"index":"index","follow":"follow","max-snippet":"max-snippet:-1","max-image-preview":"max-image-preview:large","max-video-preview":"max-video-preview:-1"},"canonical":"https:\/\/www.finquesfarre.com\/es\/quienes-somos\/","og_locale":"es_ES","og_type":"article","og_title":"Immobiliaria Lleida Finques Farr\u00e9","og_description":"Desde hace m\u00e1s de 47 a\u00f1os, Finques Farr\u00e9 siempre ha estado a tu lado con un compromiso orientado a la plena satisfacci\u00f3n hacia nuestros clientes.","og_url":"https:\/\/www.finquesfarre.com\/es\/quienes-somos\/","og_site_name":"Finques Farre Inmobiliaria Lleida","article_publisher":"https:\/\/www.facebook.com\/finquesfarre","article_modified_time":"2023-05-09T09:38:38+00:00","og_image":[{"width":512,"height":512,"url":"https:\/\/www.finquesfarre.com\/wp-content\/uploads\/2021\/07\/cropped-fabicon-farre-pensant-en-lleida.png","type":"image\/png"}],"twitter_card":"summary_large_image","twitter_site":"@FinquesFarre","twitter_misc":{"Tiempo de lectura":"3 minutos"},"schema":{"@context":"https:\/\/schema.org","@graph":[{"@type":"WebPage","@id":"https:\/\/www.finquesfarre.com\/es\/quienes-somos\/","url":"https:\/\/www.finquesfarre.com\/es\/quienes-somos\/","name":"Immobiliaria Lleida Finques Farr\u00e9","isPartOf":{"@id":"https:\/\/www.finquesfarre.com\/#website"},"datePublished":"2017-03-20T10:56:03+00:00","dateModified":"2023-05-09T09:38:38+00:00","description":"Desde hace m\u00e1s de 47 a\u00f1os, Finques Farr\u00e9 siempre ha estado a tu lado con un compromiso orientado a la plena satisfacci\u00f3n hacia nuestros clientes.","breadcrumb":{"@id":"https:\/\/www.finquesfarre.com\/es\/quienes-somos\/#breadcrumb"},"inLanguage":"es","potentialAction":[{"@type":"ReadAction","target":["https:\/\/www.finquesfarre.com\/es\/quienes-somos\/"]}]},{"@type":"BreadcrumbList","@id":"https:\/\/www.finquesfarre.com\/es\/quienes-somos\/#breadcrumb","itemListElement":[{"@type":"ListItem","position":1,"name":"Portada","item":"https:\/\/www.finquesfarre.com\/es\/"},{"@type":"ListItem","position":2,"name":"Qui\u00e9nes somos Fincas Farr\u00e9"}]},{"@type":"WebSite","@id":"https:\/\/www.finquesfarre.com\/#website","url":"https:\/\/www.finquesfarre.com\/","name":"Finques Farre inmobiliaria Lleida","description":"Promociones de obra nueva en Lleida, pisos de segunda mano en Lleida, compra en Lleida, venta en Lleida, alquiler en Lleida","publisher":{"@id":"https:\/\/www.finquesfarre.com\/#organization"},"alternateName":"Fincas Farre inmobiliaria Lleida","potentialAction":[{"@type":"SearchAction","target":{"@type":"EntryPoint","urlTemplate":"https:\/\/www.finquesfarre.com\/?s={search_term_string}"},"query-input":{"@type":"PropertyValueSpecification","valueRequired":true,"valueName":"search_term_string"}}],"inLanguage":"es"},{"@type":"Organization","@id":"https:\/\/www.finquesfarre.com\/#organization","name":"Finques Farr\u00e9","alternateName":"Fincas Farre","url":"https:\/\/www.finquesfarre.com\/","logo":{"@type":"ImageObject","inLanguage":"es","@id":"https:\/\/www.finquesfarre.com\/#\/schema\/logo\/image\/","url":"https:\/\/www.finquesfarre.com\/wp-content\/uploads\/2025\/09\/640.jpg","contentUrl":"https:\/\/www.finquesfarre.com\/wp-content\/uploads\/2025\/09\/640.jpg","width":640,"height":640,"caption":"Finques Farr\u00e9"},"image":{"@id":"https:\/\/www.finquesfarre.com\/#\/schema\/logo\/image\/"},"sameAs":["https:\/\/www.facebook.com\/finquesfarre","https:\/\/x.com\/FinquesFarre","https:\/\/www.instagram.com\/finquesfarre\/","https:\/\/www.youtube.com\/channel\/UCyjuW_DBdttT1OBNvYDxRuA"]}]}},"_links":{"self":[{"href":"https:\/\/www.finquesfarre.com\/es\/wp-json\/wp\/v2\/pages\/47","targetHints":{"allow":["GET"]}}],"collection":[{"href":"https:\/\/www.finquesfarre.com\/es\/wp-json\/wp\/v2\/pages"}],"about":[{"href":"https:\/\/www.finquesfarre.com\/es\/wp-json\/wp\/v2\/types\/page"}],"author":[{"embeddable":true,"href":"https:\/\/www.finquesfarre.com\/es\/wp-json\/wp\/v2\/users\/3"}],"replies":[{"embeddable":true,"href":"https:\/\/www.finquesfarre.com\/es\/wp-json\/wp\/v2\/comments?post=47"}],"version-history":[{"count":50,"href":"https:\/\/www.finquesfarre.com\/es\/wp-json\/wp\/v2\/pages\/47\/revisions"}],"predecessor-version":[{"id":93325,"href":"https:\/\/www.finquesfarre.com\/es\/wp-json\/wp\/v2\/pages\/47\/revisions\/93325"}],"wp:attachment":[{"href":"https:\/\/www.finquesfarre.com\/es\/wp-json\/wp\/v2\/media?parent=47"}],"curies":[{"name":"wp","href":"https:\/\/api.w.org\/{rel}","templated":true}]}}